{"id":242929,"date":"2022-11-18T18:03:50","date_gmt":"2022-11-18T17:03:50","guid":{"rendered":"https:\/\/raymweyland.lu\/klimaanlagen-und-klimageraete\/"},"modified":"2025-06-20T12:55:31","modified_gmt":"2025-06-20T11:55:31","slug":"klimaanlagen-und-klimageraete","status":"publish","type":"page","link":"https:\/\/raymweyland.lu\/de\/klimaanlagen-und-klimageraete\/","title":{"rendered":"Klimaanlagen und Klimager\u00e4te"},"content":{"rendered":"<p>[et_pb_section fb_built=&#8220;1&#8243; custom_padding_last_edited=&#8220;on|phone&#8220; _builder_version=&#8220;4.21.0&#8243; _module_preset=&#8220;default&#8220; background_image=&#8220;https:\/\/raymweyland.lu\/wp-content\/uploads\/2022\/11\/Hero-Background-Weyland.jpg&#8220; custom_margin=&#8220;||||false|false&#8220; custom_padding=&#8220;100px||100px||true|false&#8220; custom_padding_tablet=&#8220;100px||100px||true|false&#8220; custom_padding_phone=&#8220;100px||100px||true|false&#8220; global_colors_info=&#8220;{}&#8220;][et_pb_row _builder_version=&#8220;4.19.0&#8243; _module_preset=&#8220;default&#8220; global_colors_info=&#8220;{}&#8220;][et_pb_column type=&#8220;4_4&#8243; _builder_version=&#8220;4.19.0&#8243; _module_preset=&#8220;default&#8220; global_colors_info=&#8220;{}&#8220;][et_pb_text _builder_version=&#8220;4.21.0&#8243; _module_preset=&#8220;default&#8220; text_font=&#8220;Jost|700|||||||&#8220; text_text_color=&#8220;#FFFFFF&#8220; text_font_size=&#8220;100px&#8220; header_font=&#8220;Jost|800|||||||&#8220; header_text_color=&#8220;#FFFFFF&#8220; header_font_size=&#8220;80px&#8220; text_font_size_tablet=&#8220;100px&#8220; text_font_size_phone=&#8220;52px&#8220; text_font_size_last_edited=&#8220;on|phone&#8220; header_font_size_tablet=&#8220;80px&#8220; header_font_size_phone=&#8220;45px&#8220; header_font_size_last_edited=&#8220;on|phone&#8220; global_colors_info=&#8220;{}&#8220;]<\/p>\n<h1>Klimaanlagen und Klimager\u00e4te<\/h1>\n<p>[\/et_pb_text][\/et_pb_column][\/et_pb_row][\/et_pb_section][et_pb_section fb_built=&#8220;1&#8243; _builder_version=&#8220;4.19.0&#8243; _module_preset=&#8220;default&#8220; custom_padding=&#8220;0px|||||&#8220; global_colors_info=&#8220;{}&#8220;][et_pb_row _builder_version=&#8220;4.16&#8243; _module_preset=&#8220;default&#8220; max_width=&#8220;750px&#8220; global_colors_info=&#8220;{}&#8220;][et_pb_column type=&#8220;4_4&#8243; _builder_version=&#8220;4.16&#8243; _module_preset=&#8220;default&#8220; global_colors_info=&#8220;{}&#8220;][dsm_animated_gradient_text animated_gradient_text=&#8220;Klimatisierungstechnik von Weyland&#8220; gradient_one_color=&#8220;#6dd5ed&#8220; gradient_two_color=&#8220;#6dd5ed&#8220; gradient_three_color=&#8220;#2193b0&#8243; gradient_four_color=&#8220;#ffffff&#8220; _builder_version=&#8220;4.19.0&#8243; _module_preset=&#8220;default&#8220; header_font=&#8220;Jost|800|||||||&#8220; header_text_align=&#8220;center&#8220; header_font_size=&#8220;45px&#8220; header_line_height=&#8220;1.3em&#8220; module_alignment=&#8220;center&#8220; custom_margin=&#8220;||-3px||false|false&#8220; custom_margin_tablet=&#8220;0px||30px||false|false&#8220; custom_margin_phone=&#8220;&#8220; custom_margin_last_edited=&#8220;on|tablet&#8220; header_font_size_tablet=&#8220;40px&#8220; header_font_size_phone=&#8220;30px&#8220; header_font_size_last_edited=&#8220;on|tablet&#8220; global_colors_info=&#8220;{}&#8220;][\/dsm_animated_gradient_text][et_pb_text _builder_version=&#8220;4.21.0&#8243; _module_preset=&#8220;default&#8220; text_font=&#8220;Jost||||||||&#8220; text_text_color=&#8220;#333333&#8243; text_font_size=&#8220;18px&#8220; text_orientation=&#8220;center&#8220; custom_margin=&#8220;20px|||||&#8220; global_colors_info=&#8220;{}&#8220;]<\/p>\n<p>Unser Klimatisierungstechnik- Service bietet Ihnen wirksame K\u00fchll\u00f6sungen, um Ihnen w\u00e4hrend der hei\u00dfesten Monate des Jahres angenehme Frische zu gew\u00e4hrleisten. Ziehen Sie Nutzen von unserem Fachwissen f\u00fcr optimalen Komfort, sowie f\u00fcr zu Hause im Privatbereich als auch am Arbeitsplatz. <\/p>\n<p>[\/et_pb_text][\/et_pb_column][\/et_pb_row][et_pb_row _builder_version=&#8220;4.16&#8243; _module_preset=&#8220;default&#8220; global_colors_info=&#8220;{}&#8220;][et_pb_column type=&#8220;4_4&#8243; _builder_version=&#8220;4.16&#8243; _module_preset=&#8220;default&#8220; global_colors_info=&#8220;{}&#8220;][dsm_image_accordion image_accordion_animation=&#8220;push_up&#8220; image_accordion_animation_sequence=&#8220;on&#8220; ia_height=&#8220;471px&#8220; ia_icon_color=&#8220;#ffffff&#8220; use_ia_icon_font_size=&#8220;off&#8220; overlay_color=&#8220;rgba(0,0,0,0.23)&#8220; ia_direction_tablet=&#8220;&#8220; ia_direction_phone=&#8220;vertical&#8220; ia_direction_last_edited=&#8220;on|phone&#8220; ia_height_tablet=&#8220;&#8220; ia_height_phone=&#8220;681px&#8220; ia_height_last_edited=&#8220;on|phone&#8220; ia_icon_font_size_tablet=&#8220;&#8220; ia_icon_font_size_phone=&#8220;20px&#8220; ia_icon_font_size_last_edited=&#8220;on|phone&#8220; _builder_version=&#8220;4.19.0&#8243; _module_preset=&#8220;default&#8220; title_font=&#8220;Montserrat|700|||||||&#8220; title_text_color=&#8220;#ffffff&#8220; desc_font=&#8220;Montserrat||||||||&#8220; desc_font_size=&#8220;19px&#8220; custom_padding=&#8220;||||false|false&#8220; title_font_size_tablet=&#8220;&#8220; title_font_size_phone=&#8220;19px&#8220; title_font_size_last_edited=&#8220;on|phone&#8220; desc_font_size_tablet=&#8220;&#8220; desc_font_size_phone=&#8220;13px&#8220; desc_font_size_last_edited=&#8220;on|phone&#8220; border_radii=&#8220;on|10px|10px|10px|10px&#8220; global_colors_info=&#8220;{}&#8220;][dsm_image_accordion_child image_accordion_src=&#8220;https:\/\/raymweyland.lu\/wp-content\/uploads\/2022\/11\/Weyland-Daikin-climatisation.jpg&#8220; image_width=&#8220;41px&#8220; image_accordion_title=&#8220;DAIKIN&#8220; image_accordion_desc=&#8220;Von kleinen Wohnh\u00e4usern bis hin zu gro\u00dfen B\u00fcros.&#8220; ia_align_horizontal=&#8220;left&#8220; ia_align_vertical=&#8220;bottom&#8220; _builder_version=&#8220;4.19.0&#8243; _module_preset=&#8220;default&#8220; custom_button=&#8220;on&#8220; custom_padding=&#8220;|25px|25px|25px|false|true&#8220; global_colors_info=&#8220;{}&#8220;][\/dsm_image_accordion_child][dsm_image_accordion_child image_accordion_src=&#8220;https:\/\/raymweyland.lu\/wp-content\/uploads\/2022\/11\/Weayland-Toshiba-Haori.jpg&#8220; image_width=&#8220;41px&#8220; image_accordion_title=&#8220;TOSHIBA&#8220; image_accordion_desc=&#8220;W\u00e4hlen Sie die Farbe Ihres Innenraums &#8220; ia_align_horizontal=&#8220;left&#8220; ia_align_vertical=&#8220;bottom&#8220; _builder_version=&#8220;4.19.0&#8243; _module_preset=&#8220;default&#8220; custom_padding=&#8220;|25px|25px|25px|false|true&#8220; global_colors_info=&#8220;{}&#8220;][\/dsm_image_accordion_child][\/dsm_image_accordion][\/et_pb_column][\/et_pb_row][\/et_pb_section][et_pb_section fb_built=&#8220;1&#8243; admin_label=&#8220;TBVS &#8211; Light &#8211; Content 6&#8243; module_class=&#8220;tbvs-section-light&#8220; _builder_version=&#8220;4.16&#8243; _module_preset=&#8220;default&#8220; custom_padding=&#8220;19px||0px|||&#8220; global_colors_info=&#8220;{}&#8220;][et_pb_row column_structure=&#8220;1_2,1_2&#8243; module_class=&#8220;reverse&#8220; _builder_version=&#8220;4.21.0&#8243; _module_preset=&#8220;default&#8220; custom_padding=&#8220;||5px|||&#8220; global_colors_info=&#8220;{}&#8220;][et_pb_column type=&#8220;1_2&#8243; _builder_version=&#8220;4.16&#8243; _module_preset=&#8220;default&#8220; global_colors_info=&#8220;{}&#8220;][et_pb_text _builder_version=&#8220;4.21.0&#8243; _module_preset=&#8220;default&#8220; text_font=&#8220;Jost||||||||&#8220; text_text_color=&#8220;#333333&#8243; text_font_size=&#8220;18px&#8220; global_colors_info=&#8220;{}&#8220;]<\/p>\n<p style=\"text-align: justify;\"><span style=\"font-weight: 400;\">Weyland bietet die Klimatisierungs- Produktlinie von Toshiba Air Conditioning an, einer Marke, die mit ihren innovativen und wirksamen L\u00f6sungen punktet. Die japanische Produktionsqualit\u00e4t und die fortschrittliche Technologie garantieren eine \u00fcberlegene Energieeffizienz, einen verminderten Energieverbrauch sowie eine au\u00dfergew\u00f6hnliche Langlebigkeit. <\/span><\/p>\n<p style=\"text-align: justify;\"><span style=\"font-weight: 400;\">Ein weiterer Vorteil der Toshiba-Klimager\u00e4te liegt darin, dass sie au\u00dferdem mit hochwertigen Filtern zur Luftreinigung Ihrer R\u00e4ume versehen sind. Zus\u00e4tzliche Funktionen wie Fernbedienung und intelligente Vernetzbarkeit bieten weiterhin eine praktische Benutzeranwendung. Weyland setzt alles daran, Ihnen einen au\u00dfergew\u00f6hnlichen Installations-, Wartungs- und Reparaturservice zu bieten, um Ihnen optimalen Komfort zu gew\u00e4hrleisten.  <\/span><\/p>\n<p style=\"text-align: justify;\"><strong>Entdecken Sie die Modelle der Toshiba-Produktlinie und die individuelle Anpassung des Haori-Modells!<\/strong><\/p>\n<p>[\/et_pb_text][\/et_pb_column][et_pb_column type=&#8220;1_2&#8243; _builder_version=&#8220;4.16&#8243; _module_preset=&#8220;default&#8220; custom_padding_tablet=&#8220;||30px||false|false&#8220; custom_padding_phone=&#8220;&#8220; custom_padding_last_edited=&#8220;on|tablet&#8220; global_colors_info=&#8220;{}&#8220;][et_pb_image src=&#8220;https:\/\/raymweyland.lu\/wp-content\/uploads\/2022\/11\/Logo-Toshiba.jpg&#8220; title_text=&#8220;Logo Toshiba&#8220; align=&#8220;center&#8220; _builder_version=&#8220;4.19.0&#8243; _module_preset=&#8220;default&#8220; global_colors_info=&#8220;{}&#8220;][\/et_pb_image][\/et_pb_column][\/et_pb_row][\/et_pb_section][et_pb_section fb_built=&#8220;1&#8243; _builder_version=&#8220;4.19.0&#8243; _module_preset=&#8220;default&#8220; global_colors_info=&#8220;{}&#8220;][et_pb_row _builder_version=&#8220;4.19.0&#8243; _module_preset=&#8220;default&#8220; global_colors_info=&#8220;{}&#8220;][et_pb_column type=&#8220;4_4&#8243; _builder_version=&#8220;4.19.0&#8243; _module_preset=&#8220;default&#8220; global_colors_info=&#8220;{}&#8220;][et_pb_video_slider show_arrows=&#8220;off&#8220; module_class=&#8220;dm-autoplay-btn&#8220; _builder_version=&#8220;4.19.5&#8243; _module_preset=&#8220;default&#8220; global_colors_info=&#8220;{}&#8220;][et_pb_video_slider_item src=&#8220;https:\/\/raymweyland.lu\/wp-content\/uploads\/2023\/03\/Toshiba.mp4&#8243; _builder_version=&#8220;4.19.5&#8243; _module_preset=&#8220;default&#8220; global_colors_info=&#8220;{}&#8220; show_image_overlay=&#8220;off&#8220;][\/et_pb_video_slider_item][\/et_pb_video_slider][\/et_pb_column][\/et_pb_row][\/et_pb_section][et_pb_section fb_built=&#8220;1&#8243; admin_label=&#8220;TBVS &#8211; Light &#8211; Content 6&#8243; module_class=&#8220;tbvs-section-light&#8220; _builder_version=&#8220;4.16&#8243; _module_preset=&#8220;default&#8220; custom_padding=&#8220;3px||0px|||&#8220; global_colors_info=&#8220;{}&#8220;][et_pb_row column_structure=&#8220;1_2,1_2&#8243; _builder_version=&#8220;4.16&#8243; _module_preset=&#8220;default&#8220; global_colors_info=&#8220;{}&#8220;][et_pb_column type=&#8220;1_2&#8243; _builder_version=&#8220;4.16&#8243; _module_preset=&#8220;default&#8220; custom_padding_tablet=&#8220;||30px||false|false&#8220; custom_padding_phone=&#8220;&#8220; custom_padding_last_edited=&#8220;on|tablet&#8220; global_colors_info=&#8220;{}&#8220;][et_pb_image src=&#8220;https:\/\/raymweyland.lu\/wp-content\/uploads\/2022\/11\/Weyland-logo-daikin-climatisation.jpg&#8220; title_text=&#8220;Weyland logo daikin climatisation&#8220; align=&#8220;center&#8220; _builder_version=&#8220;4.19.0&#8243; _module_preset=&#8220;default&#8220; global_colors_info=&#8220;{}&#8220;][\/et_pb_image][\/et_pb_column][et_pb_column type=&#8220;1_2&#8243; _builder_version=&#8220;4.16&#8243; _module_preset=&#8220;default&#8220; global_colors_info=&#8220;{}&#8220;][et_pb_text _builder_version=&#8220;4.21.0&#8243; _module_preset=&#8220;default&#8220; text_font=&#8220;Jost||||||||&#8220; text_text_color=&#8220;#333333&#8243; text_font_size=&#8220;18px&#8220; global_colors_info=&#8220;{}&#8220;]<\/p>\n<p style=\"text-align: justify;\"><span style=\"font-weight: 400;\">Sobald die Temperaturen in den Sommermonaten in die H\u00f6he schnellen, ist es von entscheidender Bedeutung, dass in Ihrem Zuhause oder in Ihrem Unternehmen eine gesunde, regulierte Temperatur beibehalten wird. Aus diesem Grund bieten wir Daikin-Klimaanlagen an, die so entwickelt sind, dass sie jeden Raum mit bemerkenswerter Wirksamkeit k\u00fchlen k\u00f6nnen.  <br \/><\/span><\/p>\n<p style=\"text-align: justify;\"><span style=\"font-weight: 400;\">Wir bei Weyland wissen, dass jede Immobilie ganz spezielle Anforderungen stellt, daher bieten wir eine breitgef\u00e4cherte Produktlinie an Klimaanlagen an, die f\u00fcr jede Gr\u00f6\u00dfe und jeden Immobilientyp anpassbar sind. Mit Kapazit\u00e4ten, um einen einzelnen Raum, aber auch einen gro\u00dfen Bereich zu k\u00fchlen, sind wir sicher, dass wir allen Ihren Anforderungen gerecht werden. Mit unseren qualifizierten Technikern sind wir bereit, ab heute Ihre neue Daikin-Klimaanlage zu installieren!  <\/span><\/p>\n<p>[\/et_pb_text][\/et_pb_column][\/et_pb_row][et_pb_row _builder_version=&#8220;4.19.0&#8243; _module_preset=&#8220;default&#8220; global_colors_info=&#8220;{}&#8220;][et_pb_column type=&#8220;4_4&#8243; _builder_version=&#8220;4.19.0&#8243; _module_preset=&#8220;default&#8220; global_colors_info=&#8220;{}&#8220;][et_pb_video_slider module_class=&#8220;dm-autoplay-btn&#8220; _builder_version=&#8220;4.21.0&#8243; _module_preset=&#8220;default&#8220; global_colors_info=&#8220;{}&#8220;][et_pb_video_slider_item src=&#8220;https:\/\/raymweyland.lu\/wp-content\/uploads\/2023\/05\/daikin.mp4&#8243; _builder_version=&#8220;4.21.0&#8243; _module_preset=&#8220;default&#8220; global_colors_info=&#8220;{}&#8220; show_image_overlay=&#8220;off&#8220;][\/et_pb_video_slider_item][\/et_pb_video_slider][\/et_pb_column][\/et_pb_row][\/et_pb_section][et_pb_section fb_built=&#8220;1&#8243; _builder_version=&#8220;4.21.0&#8243; _module_preset=&#8220;default&#8220; global_colors_info=&#8220;{}&#8220;][et_pb_row column_structure=&#8220;1_2,1_2&#8243; _builder_version=&#8220;4.21.0&#8243; _module_preset=&#8220;default&#8220; global_colors_info=&#8220;{}&#8220;][et_pb_column type=&#8220;1_2&#8243; _builder_version=&#8220;4.16&#8243; _module_preset=&#8220;default&#8220; global_colors_info=&#8220;{}&#8220;][et_pb_text _builder_version=&#8220;4.21.0&#8243; _module_preset=&#8220;default&#8220; text_font=&#8220;Jost|600|||||||&#8220; text_text_color=&#8220;#00ABC8&#8243; text_font_size=&#8220;30px&#8220; header_3_font=&#8220;Jost|800|||||||&#8220; header_3_text_color=&#8220;#00ABC8&#8243; header_3_font_size=&#8220;38px&#8220; global_colors_info=&#8220;{}&#8220;]<\/p>\n<h3>Kaschierbare Deckeneinbauleuchten<\/h3>\n<p>[\/et_pb_text][et_pb_text _builder_version=&#8220;4.21.0&#8243; _module_preset=&#8220;default&#8220; text_font=&#8220;Jost||||||||&#8220; text_text_color=&#8220;#333333&#8243; text_font_size=&#8220;18px&#8220; global_colors_info=&#8220;{}&#8220;]<\/p>\n<p style=\"text-align: justify;\"><span style=\"font-weight: 400;\">Die kaschierbaren Deckeneinbauleuchten zur Klimatisierung sind sehr praktische und wirksame Systeme zur Luftaufbereitung. Diese Deckenleuchten sind f\u00fcr den Einbau in abgeh\u00e4ngte Decken konzipiert und bieten eine unauff\u00e4llige und zugleich \u00e4sthetische L\u00f6sung f\u00fcr die Bel\u00fcftung und somit K\u00fchlung von R\u00e4umen. Au\u00dferdem wird durch ihre Kaschierbarkeit eine gleichm\u00e4\u00dfige Luftverteilung in alle Richtungen und in allen R\u00e4umen erm\u00f6glicht. Kaschierbare Deckeneinbau-leuchten bieten au\u00dferdem den Vorteil, dass sie weder Platz auf dem Boden noch an den W\u00e4nden beanspruchen, was ideal f\u00fcr kleinere R\u00e4ume ist.   <\/p>\n<p style=\"text-align: justify;\"><span style=\"font-weight: 400;\">Sie k\u00f6nnen problemlos in die meisten abgeh\u00e4ngten Decken integriert werden, was sie dadurch \u00e4u\u00dferst vielseitig macht. Diese Deckenleuchten funktionieren au\u00dferdem sehr ger\u00e4uschlos und k\u00f6nnen f\u00fcr ein H\u00f6chstma\u00df an Komfort auch ferngesteuert werden  Z\u00f6gern Sie nicht, uns bei aufkommenden Fragen zu kontaktieren.<\/p>\n<p>[\/et_pb_text][\/et_pb_column][et_pb_column type=&#8220;1_2&#8243; _builder_version=&#8220;4.16&#8243; _module_preset=&#8220;default&#8220; custom_padding_tablet=&#8220;||30px||false|false&#8220; custom_padding_phone=&#8220;&#8220; custom_padding_last_edited=&#8220;on|tablet&#8220; global_colors_info=&#8220;{}&#8220;][et_pb_image src=&#8220;https:\/\/raymweyland.lu\/wp-content\/uploads\/2023\/05\/weyland-plafonnier-encastre.jpg&#8220; title_text=&#8220;weyland plafonnier encastr\u00e9&#8220; align=&#8220;center&#8220; _builder_version=&#8220;4.21.0&#8243; _module_preset=&#8220;default&#8220; global_colors_info=&#8220;{}&#8220;][\/et_pb_image][\/et_pb_column][\/et_pb_row][\/et_pb_section][et_pb_section fb_built=&#8220;1&#8243; _builder_version=&#8220;4.22.1&#8243; _module_preset=&#8220;default&#8220; background_color=&#8220;#FFFFFF&#8220; custom_padding=&#8220;90px||100px||false|false&#8220; global_colors_info=&#8220;{}&#8220;][et_pb_row use_custom_gutter=&#8220;on&#8220; gutter_width=&#8220;2&#8243; make_equal=&#8220;on&#8220; _builder_version=&#8220;4.19.4&#8243; _module_preset=&#8220;default&#8220; width=&#8220;90%&#8220; width_tablet=&#8220;90%&#8220; width_phone=&#8220;90%&#8220; width_last_edited=&#8220;on|tablet&#8220; max_width_tablet=&#8220;90%&#8220; max_width_phone=&#8220;90%&#8220; max_width_last_edited=&#8220;off|desktop&#8220; custom_padding=&#8220;0px||0px||true|&#8220; animation_direction=&#8220;left&#8220; global_colors_info=&#8220;{}&#8220;][et_pb_column type=&#8220;4_4&#8243; _builder_version=&#8220;4.16&#8243; _module_preset=&#8220;default&#8220; global_colors_info=&#8220;{}&#8220;][et_pb_text _builder_version=&#8220;4.22.1&#8243; _module_preset=&#8220;default&#8220; header_4_font=&#8220;Jost|700||on|||||&#8220; header_4_text_align=&#8220;left&#8220; header_4_text_color=&#8220;#0A3050&#8243; header_4_font_size=&#8220;60px&#8220; header_4_letter_spacing=&#8220;-1px&#8220; header_4_font_size_tablet=&#8220;&#8220; header_4_font_size_phone=&#8220;40px&#8220; header_4_font_size_last_edited=&#8220;on|phone&#8220; global_colors_info=&#8220;{}&#8220;]<\/p>\n<h4><span>F\u00dcR DIE WARTUNG IHRER ANLAGEN.<\/span><\/h4>\n<p>[\/et_pb_text][et_pb_text _builder_version=&#8220;4.22.1&#8243; _module_preset=&#8220;default&#8220; text_font=&#8220;Jost||||||||&#8220; text_text_color=&#8220;#00ABC8&#8243; text_font_size=&#8220;20px&#8220; text_line_height=&#8220;1.8em&#8220; max_width=&#8220;465px&#8220; module_alignment=&#8220;left&#8220; custom_margin=&#8220;-6px||||false|false&#8220; global_colors_info=&#8220;{}&#8220;]<\/p>\n<p>Nehmen Sie gerne Kontakt mit uns auf !<\/p>\n<p>[\/et_pb_text][et_pb_blurb title=&#8220;entretien@raymweyland.lu&#8220; use_icon=&#8220;on&#8220; font_icon=&#8220;&#xf1d8;||fa||400&#8243; icon_color=&#8220;#00ABC8&#8243; icon_placement=&#8220;left&#8220; image_icon_width=&#8220;40px&#8220; content_max_width=&#8220;100%&#8220; _builder_version=&#8220;4.22.1&#8243; _module_preset=&#8220;default&#8220; header_font=&#8220;Jost||||||||&#8220; header_text_align=&#8220;left&#8220; header_text_color=&#8220;#0A3050&#8243; header_font_size=&#8220;23px&#8220; header_line_height=&#8220;1.7em&#8220; background_color=&#8220;rgba(0,0,0,0)&#8220; transform_translate_linked__hover=&#8220;off&#8220; max_width=&#8220;34%&#8220; module_alignment=&#8220;left&#8220; custom_margin=&#8220;45px|10px|||false|false&#8220; custom_padding=&#8220;11px||2px|8px|false|false&#8220; animation=&#8220;off&#8220; link_option_url=&#8220;mailto:entretien@raymweyland.lu&#8220; border_radii=&#8220;on|100px|100px|100px|100px&#8220; border_width_all=&#8220;2px&#8220; border_color_all=&#8220;#0A3050&#8243; box_shadow_style=&#8220;preset3&#8243; box_shadow_vertical=&#8220;33px&#8220; box_shadow_blur=&#8220;59px&#8220; box_shadow_color=&#8220;rgba(0,0,0,0)&#8220; image_max_width=&#8220;40px&#8220; global_colors_info=&#8220;{}&#8220; header_text_color__hover_enabled=&#8220;off|desktop&#8220; header_text_color__hover=&#8220;#ffffff&#8220; border_color_all__hover_enabled=&#8220;off|desktop&#8220; border_color_all__hover=&#8220;#ffffff&#8220; background__hover_enabled=&#8220;off|desktop&#8220; box_shadow_color__hover_enabled=&#8220;on|desktop&#8220; box_shadow_color__hover=&#8220;rgba(255,255,255,0.38)&#8220; transform_styles__hover_enabled=&#8220;on|desktop&#8220; transform_scale__hover_enabled=&#8220;on|desktop&#8220; transform_translate__hover_enabled=&#8220;on|desktop&#8220; transform_rotate__hover_enabled=&#8220;on|desktop&#8220; transform_skew__hover_enabled=&#8220;on|desktop&#8220; transform_origin__hover_enabled=&#8220;on|desktop&#8220; transform_translate__hover=&#8220;0px|-5px&#8220;][\/et_pb_blurb][\/et_pb_column][\/et_pb_row][\/et_pb_section][et_pb_section fb_built=&#8220;1&#8243; _builder_version=&#8220;4.19.0&#8243; _module_preset=&#8220;default&#8220; background_image=&#8220;https:\/\/raymweyland.lu\/wp-content\/uploads\/2022\/11\/Hero-Background-Weyland-ok.jpg&#8220; parallax=&#8220;on&#8220; global_colors_info=&#8220;{}&#8220;][et_pb_row _builder_version=&#8220;4.19.0&#8243; _module_preset=&#8220;default&#8220; global_colors_info=&#8220;{}&#8220;][et_pb_column type=&#8220;4_4&#8243; _builder_version=&#8220;4.19.0&#8243; _module_preset=&#8220;default&#8220; global_colors_info=&#8220;{}&#8220;][et_pb_text _builder_version=&#8220;4.19.0&#8243; _module_preset=&#8220;default&#8220; text_font=&#8220;|700|||||||&#8220; text_text_color=&#8220;#FFFFFF&#8220; text_font_size=&#8220;35px&#8220; text_line_height=&#8220;1.2em&#8220; global_colors_info=&#8220;{}&#8220;]<\/p>\n<p style=\"text-align: center;\">Wenn Sie Fragen haben oder Informationen ben\u00f6tigen, wenden Sie sich bitte an uns, wir werden Ihnen so schnell wie m\u00f6glich antworten.<\/p>\n<p>[\/et_pb_text][et_pb_button button_url=&#8220;@ET-DC@eyJkeW5hbWljIjp0cnVlLCJjb250ZW50IjoicG9zdF9saW5rX3VybF9wYWdlIiwic2V0dGluZ3MiOnsicG9zdF9pZCI6IjI0MjAxOCJ9fQ==@&#8220; button_text=&#8220;Kontakt&#8220; button_alignment=&#8220;center&#8220; _builder_version=&#8220;4.22.1&#8243; _dynamic_attributes=&#8220;button_url&#8220; _module_preset=&#8220;default&#8220; custom_button=&#8220;on&#8220; button_text_size=&#8220;20px&#8220; button_text_color=&#8220;#0a3050&#8243; button_bg_color=&#8220;#FFFFFF&#8220; button_border_color=&#8220;#FFFFFF&#8220; button_border_radius=&#8220;5px&#8220; button_font=&#8220;|600|||||||&#8220; global_colors_info=&#8220;{}&#8220;][\/et_pb_button][\/et_pb_column][\/et_pb_row][\/et_pb_section][et_pb_section fb_built=&#8220;1&#8243; admin_label=&#8220;TBVS &#8211; Light &#8211; Content 2&#8243; module_class=&#8220;tbvs-section-light&#8220; _builder_version=&#8220;4.16&#8243; _module_preset=&#8220;default&#8220; global_module=&#8220;242859&#8243; saved_tabs=&#8220;all&#8220; global_colors_info=&#8220;{}&#8220;][et_pb_row module_class=&#8220;tbvs-inline-button-center&#8220; _builder_version=&#8220;4.19.0&#8243; _module_preset=&#8220;default&#8220; global_colors_info=&#8220;{}&#8220;][et_pb_column type=&#8220;4_4&#8243; _builder_version=&#8220;4.16&#8243; _module_preset=&#8220;default&#8220; global_colors_info=&#8220;{}&#8220;][et_pb_text _builder_version=&#8220;4.21.0&#8243; _module_preset=&#8220;default&#8220; header_2_font=&#8220;Montserrat|800|||||||&#8220; header_2_text_color=&#8220;#0A3050&#8243; header_2_font_size=&#8220;38px&#8220; header_2_line_height=&#8220;1.1em&#8220; text_orientation=&#8220;center&#8220; global_colors_info=&#8220;{}&#8220;]<\/p>\n<h2>Der Service by Weyland<\/h2>\n<p>[\/et_pb_text][et_pb_text _builder_version=&#8220;4.21.0&#8243; _module_preset=&#8220;default&#8220; text_font=&#8220;Jost||||||||&#8220; text_text_color=&#8220;#333333&#8243; text_font_size=&#8220;17px&#8220; text_orientation=&#8220;center&#8220; global_colors_info=&#8220;{}&#8220;]<\/p>\n<p style=\"text-align: justify;\"><span style=\"font-weight: 400;\">Wir bieten unseren Kunden einen Service zur Wartung und Fehlerbehebung von Ger\u00e4ten an. Unser Team besteht aus qualifizierten und spezialisierten Technikern, die daf\u00fcr sorgen, dass Ihr System unter allen Umst\u00e4nden optimal funktioniert. Ma\u00dfgeschneiderte Wartungsprogramme werden entwickelt, um Ihren individuellen Bed\u00fcrfnissen gerecht zu werden und Ausfallzeiten zu minimieren. Mit unserem Fachwissen und unserem Engagement f\u00fcr eine hervorragende Kundenbetreuung k\u00f6nnen Sie sicher sein, dass Ihre Ger\u00e4te gewartet werden und problemlos funktionieren, wenn Sie sie ben\u00f6tigen.   <\/span><\/p>\n<p>[\/et_pb_text][\/et_pb_column][\/et_pb_row][et_pb_row column_structure=&#8220;1_3,1_3,1_3&#8243; _builder_version=&#8220;4.19.0&#8243; _module_preset=&#8220;default&#8220; global_colors_info=&#8220;{}&#8220;][et_pb_column type=&#8220;1_3&#8243; _builder_version=&#8220;4.19.0&#8243; _module_preset=&#8220;default&#8220; global_colors_info=&#8220;{}&#8220;][et_pb_image src=&#8220;https:\/\/raymweyland.lu\/wp-content\/uploads\/2023\/02\/operateur.png&#8220; title_text=&#8220;operateur&#8220; align=&#8220;center&#8220; _builder_version=&#8220;4.19.0&#8243; _module_preset=&#8220;default&#8220; global_colors_info=&#8220;{}&#8220;][\/et_pb_image][et_pb_text _builder_version=&#8220;4.21.0&#8243; _module_preset=&#8220;default&#8220; text_font=&#8220;Jost||||||||&#8220; text_font_size=&#8220;17px&#8220; global_colors_info=&#8220;{}&#8220;]<\/p>\n<p style=\"text-align: center;\">Fehlerbehebung 7\/7 und 24\/24<\/p>\n<p>[\/et_pb_text][\/et_pb_column][et_pb_column type=&#8220;1_3&#8243; _builder_version=&#8220;4.19.0&#8243; _module_preset=&#8220;default&#8220; global_colors_info=&#8220;{}&#8220;][et_pb_image src=&#8220;https:\/\/raymweyland.lu\/wp-content\/uploads\/2023\/02\/outil-de-reparation.png&#8220; title_text=&#8220;outil-de-reparation&#8220; align=&#8220;center&#8220; _builder_version=&#8220;4.19.0&#8243; _module_preset=&#8220;default&#8220; global_colors_info=&#8220;{}&#8220;][\/et_pb_image][et_pb_text _builder_version=&#8220;4.19.0&#8243; _module_preset=&#8220;default&#8220; text_font=&#8220;Jost||||||||&#8220; text_font_size=&#8220;17px&#8220; global_colors_info=&#8220;{}&#8220;]<\/p>\n<p style=\"text-align: center;\">Wartung<\/p>\n<p>[\/et_pb_text][\/et_pb_column][et_pb_column type=&#8220;1_3&#8243; _builder_version=&#8220;4.19.0&#8243; _module_preset=&#8220;default&#8220; global_colors_info=&#8220;{}&#8220;][et_pb_image src=&#8220;https:\/\/raymweyland.lu\/wp-content\/uploads\/2023\/02\/entretien.png&#8220; title_text=&#8220;Wartung&#8220; align=&#8220;center&#8220; _builder_version=&#8220;4.19.0&#8243; _module_preset=&#8220;default&#8220; global_colors_info=&#8220;{}&#8220;][\/et_pb_image][et_pb_text _builder_version=&#8220;4.19.0&#8243; _module_preset=&#8220;default&#8220; text_font=&#8220;Jost||||||||&#8220; text_font_size=&#8220;17px&#8220; global_colors_info=&#8220;{}&#8220;]<\/p>\n<p style=\"text-align: center;\">Ersatzteile und Reparaturen<\/p>\n<p>[\/et_pb_text][\/et_pb_column][\/et_pb_row][\/et_pb_section][et_pb_section fb_built=&#8220;1&#8243; _builder_version=&#8220;4.27.4&#8243; _module_preset=&#8220;default&#8220; background_color=&#8220;#782761&#8243; custom_padding=&#8220;90px||100px||false|false&#8220; global_colors_info=&#8220;{}&#8220; global_module=&#8220;243492&#8243; theme_builder_area=&#8220;post_content&#8220;][et_pb_row column_structure=&#8220;1_2,1_2&#8243; use_custom_gutter=&#8220;on&#8220; gutter_width=&#8220;2&#8243; make_equal=&#8220;on&#8220; custom_padding_last_edited=&#8220;on|desktop&#8220; module_class=&#8220;reverse&#8220; _builder_version=&#8220;4.27.4&#8243; _module_preset=&#8220;default&#8220; background_color=&#8220;#FFFFFF&#8220; width=&#8220;90%&#8220; width_tablet=&#8220;90%&#8220; width_phone=&#8220;90%&#8220; width_last_edited=&#8220;on|tablet&#8220; max_width_tablet=&#8220;90%&#8220; max_width_phone=&#8220;90%&#8220; max_width_last_edited=&#8220;off|desktop&#8220; custom_padding=&#8220;30px|40px|30px|40px|true|true&#8220; custom_padding_tablet=&#8220;40px|30px|40px|30px|true|true&#8220; custom_padding_phone=&#8220;25px|20px|25px|20px|true|true&#8220; animation_direction=&#8220;left&#8220; global_colors_info=&#8220;{}&#8220; theme_builder_area=&#8220;post_content&#8220;][et_pb_column type=&#8220;1_2&#8243; _builder_version=&#8220;4.27.4&#8243; _module_preset=&#8220;default&#8220; custom_css_main_element=&#8220;margin: auto;&#8220; global_colors_info=&#8220;{}&#8220; theme_builder_area=&#8220;post_content&#8220;][et_pb_text _builder_version=&#8220;4.27.4&#8243; _module_preset=&#8220;default&#8220; header_4_font=&#8220;Jost|700||on|||||&#8220; header_4_text_align=&#8220;left&#8220; header_4_text_color=&#8220;#0A3050&#8243; header_4_font_size=&#8220;60px&#8220; header_4_letter_spacing=&#8220;-1px&#8220; custom_margin_tablet=&#8220;30px||||false|false&#8220; custom_margin_phone=&#8220;&#8220; custom_margin_last_edited=&#8220;on|phone&#8220; header_4_font_size_tablet=&#8220;&#8220; header_4_font_size_phone=&#8220;40px&#8220; header_4_font_size_last_edited=&#8220;on|phone&#8220; global_colors_info=&#8220;{}&#8220; theme_builder_area=&#8220;post_content&#8220;]<\/p>\n<h4>Kochen wie die Profis<\/h4>\n<p>[\/et_pb_text][et_pb_text _builder_version=&#8220;4.27.4&#8243; _module_preset=&#8220;default&#8220; text_font=&#8220;Jost||||||||&#8220; text_text_color=&#8220;#000000&#8243; text_font_size=&#8220;20px&#8220; text_line_height=&#8220;1.8em&#8220; max_width=&#8220;465px&#8220; module_alignment=&#8220;left&#8220; custom_margin=&#8220;-6px||||false|false&#8220; global_colors_info=&#8220;{}&#8220; theme_builder_area=&#8220;post_content&#8220;]<\/p>\n<p>Zwischen der Kreativit\u00e4t des Hobbykochs und der Pr\u00e4zision des Profis liegt nur ein Schritt: das richtige Werkzeug. Entdecken Sie hier die von Experten empfohlenen K\u00fcchenhelfer, jetzt auch f\u00fcr Sie erh\u00e4ltlich. <\/p>\n<p>[\/et_pb_text][et_pb_button button_url=&#8220;https:\/\/artdelatable.lu\/&#8220; url_new_window=&#8220;on&#8220; button_text=&#8220;Jetzt ausstatten&#8220; button_alignment=&#8220;left&#8220; _builder_version=&#8220;4.27.4&#8243; custom_button=&#8220;on&#8220; button_text_size=&#8220;14px&#8220; button_text_color=&#8220;#FFFFFF&#8220; button_bg_color=&#8220;#782761&#8243; button_border_width=&#8220;1px&#8220; button_border_color=&#8220;#383838&#8243; button_border_radius=&#8220;0px&#8220; button_letter_spacing=&#8220;1px&#8220; button_font=&#8220;Poppins|||on|||||&#8220; button_use_icon=&#8220;off&#8220; custom_margin=&#8220;37px||&#8220; custom_padding=&#8220;17px|30px|17px|30px|true|true&#8220; global_colors_info=&#8220;{}&#8220; button_bg_color__hover_enabled=&#8220;on|hover&#8220; button_bg_color__hover=&#8220;#00ABC8&#8243; button_letter_spacing__hover_enabled=&#8220;on&#8220; button_letter_spacing__hover=&#8220;2px&#8220; button_border_color__hover_enabled=&#8220;on&#8220; button_border_color__hover=&#8220;#bfbfbf&#8220; button_text_color__hover_enabled=&#8220;on|hover&#8220; button_text_color__hover=&#8220;#FFFFFF&#8220; button_bg_enable_color__hover=&#8220;on&#8220; theme_builder_area=&#8220;post_content&#8220;][\/et_pb_button][\/et_pb_column][et_pb_column type=&#8220;1_2&#8243; _builder_version=&#8220;4.27.4&#8243; _module_preset=&#8220;default&#8220; custom_css_main_element=&#8220;margin: auto;&#8220; global_colors_info=&#8220;{}&#8220; theme_builder_area=&#8220;post_content&#8220;][et_pb_image src=&#8220;https:\/\/raymweyland.lu\/wp-content\/uploads\/2023\/03\/cropped-Art-de-la-Table-Logo-PNG-e1530776689897-9.png&#8220; title_text=&#8220;cropped-Art-de-la-Table-Logo-PNG-e1530776689897-9&#8243; _builder_version=&#8220;4.27.4&#8243; _module_preset=&#8220;default&#8220; global_colors_info=&#8220;{}&#8220; theme_builder_area=&#8220;post_content&#8220;][\/et_pb_image][et_pb_image src=&#8220;https:\/\/raymweyland.lu\/wp-content\/uploads\/2025\/06\/art-de-la-table-image-cta.jpg&#8220; title_text=&#8220;art-de-la-table-image-cta&#8220; _builder_version=&#8220;4.27.4&#8243; _module_preset=&#8220;default&#8220; global_colors_info=&#8220;{}&#8220; theme_builder_area=&#8220;post_content&#8220;][\/et_pb_image][\/et_pb_column][\/et_pb_row][\/et_pb_section]<\/p>\n","protected":false},"excerpt":{"rendered":"<p>Klimaanlagen und Klimager\u00e4te<div class=\"et_pb_module dsm_animated_gradient_text dsm_animated_gradient_text_0\">\n\t\t\t\t\n\t\t\t\t\n\t\t\t\t\n\t\t\t\t\n\t\t\t\t\n\t\t\t\t\n\t\t\t\t<div class=\"et_pb_module_inner\">\n\t\t\t\t\t<h2 class=\"dsm-animated-gradient-text et_pb_module_header\">Klimatisierungstechnik von Weyland<\/h2>\n\t\t\t\t<\/div>\n\t\t\t<\/div>Unser Klimatisierungstechnik- Service bietet Ihnen wirksame K\u00fchll\u00f6sungen, um Ihnen w\u00e4hrend der hei\u00dfesten Monate des Jahres angenehme Frische zu gew\u00e4hrleisten. Ziehen Sie Nutzen von unserem Fachwissen f\u00fcr optimalen Komfort, sowie f\u00fcr zu Hause im Privatbereich als auch am Arbeitsplatz. <div class=\"et_pb_module dsm_image_accordion dsm_image_accordion_0 dsm_image_accordion_animation_push_up dsm_image_accordion_animation_sequence_on\">\n\t\t\t\t\n\t\t\t\t\n\t\t\t\t\n\t\t\t\t\n\t\t\t\t\n\t\t\t\t\n\t\t\t\t<div class=\"et_pb_module_inner\">\n\t\t\t\t\t<div class=\"dsm_image_accordion_wrapper dsm_image_accordion_trigger_on_hover\">\n                <div  class=\"et_pb_module dsm_image_accordion_child dsm_image_accordion_child_0 dsm_image_accordion_horizontal_left dsm_image_accordion_vertical_bottom      \"> \n\t\t\t   <div class=\"et_pb_module_inner\"> \n\t\t\t\t\t<div class=\"dsm_image_accordion_child_content\">\n\t\t\t\t\t\t\n\t\t\t\t\t\t<h3 class=\"dsm_image_accordion_title\">DAIKIN<\/h3>\n\t\t\t\t\t\t<div class=\"dsm_image_accordion_description\">Von kleinen Wohnh\u00e4usern bis hin zu gro\u00dfen B\u00fcros.<\/div>\n\t\t\t\t\t\t\n\t\t\t\t\t<\/div>\n\t\t\t\t\t\n\t\t\t\t<\/div>\n\t\t\t<\/div><div  class=\"et_pb_module dsm_image_accordion_child dsm_image_accordion_child_1 dsm_image_accordion_horizontal_left dsm_image_accordion_vertical_bottom      \"> \n\t\t\t   <div class=\"et_pb_module_inner\"> \n\t\t\t\t\t<div class=\"dsm_image_accordion_child_content\">\n\t\t\t\t\t\t\n\t\t\t\t\t\t<h3 class=\"dsm_image_accordion_title\">TOSHIBA<\/h3>\n\t\t\t\t\t\t<div class=\"dsm_image_accordion_description\">W\u00e4hlen Sie die Farbe Ihres Innenraums <\/div>\n\t\t\t\t\t\t\n\t\t\t\t\t<\/div>\n\t\t\t\t\t\n\t\t\t\t<\/div>\n\t\t\t<\/div>\n            <\/div>\n\t\t\t\t<\/div>\n\t\t\t<\/div>Weyland bietet die Klimatisierungs- Produktlinie von Toshiba Air Conditioning an, einer Marke, die mit ihren innovativen und wirksamen L\u00f6sungen punktet. Die japanische Produktionsqualit\u00e4t und die fortschrittliche Technologie garantieren eine \u00fcberlegene Energieeffizienz, einen verminderten Energieverbrauch sowie eine au\u00dfergew\u00f6hnliche Langlebigkeit. Ein weiterer Vorteil der Toshiba-Klimager\u00e4te liegt darin, dass sie au\u00dferdem mit hochwertigen Filtern zur Luftreinigung Ihrer R\u00e4ume versehen sind. Zus\u00e4tzliche Funktionen wie Fernbedienung und intelligente Vernetzbarkeit bieten weiterhin eine praktische Benutzeranwendung. Weyland setzt alles daran, Ihnen [&hellip;]<\/p>\n","protected":false},"author":2,"featured_media":0,"parent":0,"menu_order":0,"comment_status":"closed","ping_status":"closed","template":"","meta":{"_et_pb_use_builder":"on","_et_pb_old_content":"","_et_gb_content_width":"","wp_popup_display_lightbox":0,"wp_popup_suppress":"","wp_popup_trigger":"","wp_popup_trigger_amount":0,"wp_popup_disable_on_mobile":false,"footnotes":""},"class_list":["post-242929","page","type-page","status-publish","hentry"],"_links":{"self":[{"href":"https:\/\/raymweyland.lu\/de\/wp-json\/wp\/v2\/pages\/242929","targetHints":{"allow":["GET"]}}],"collection":[{"href":"https:\/\/raymweyland.lu\/de\/wp-json\/wp\/v2\/pages"}],"about":[{"href":"https:\/\/raymweyland.lu\/de\/wp-json\/wp\/v2\/types\/page"}],"author":[{"embeddable":true,"href":"https:\/\/raymweyland.lu\/de\/wp-json\/wp\/v2\/users\/2"}],"replies":[{"embeddable":true,"href":"https:\/\/raymweyland.lu\/de\/wp-json\/wp\/v2\/comments?post=242929"}],"version-history":[{"count":1,"href":"https:\/\/raymweyland.lu\/de\/wp-json\/wp\/v2\/pages\/242929\/revisions"}],"predecessor-version":[{"id":243506,"href":"https:\/\/raymweyland.lu\/de\/wp-json\/wp\/v2\/pages\/242929\/revisions\/243506"}],"wp:attachment":[{"href":"https:\/\/raymweyland.lu\/de\/wp-json\/wp\/v2\/media?parent=242929"}],"curies":[{"name":"wp","href":"https:\/\/api.w.org\/{rel}","templated":true}]}}