{"id":242935,"date":"2023-02-06T07:59:12","date_gmt":"2023-02-06T06:59:12","guid":{"rendered":"https:\/\/raymweyland.lu\/kuechen-fuer-den-privatgebrauch\/"},"modified":"2025-06-20T12:57:25","modified_gmt":"2025-06-20T11:57:25","slug":"kuechen-fuer-den-privatgebrauch","status":"publish","type":"page","link":"https:\/\/raymweyland.lu\/de\/kuechen-fuer-den-privatgebrauch\/","title":{"rendered":"K\u00fcchen f\u00fcr den Privatgebrauch"},"content":{"rendered":"<p>[et_pb_section fb_built=&#8220;1&#8243; custom_padding_last_edited=&#8220;on|phone&#8220; _builder_version=&#8220;4.21.0&#8243; _module_preset=&#8220;default&#8220; background_image=&#8220;https:\/\/raymweyland.lu\/wp-content\/uploads\/2022\/11\/Hero-Background-Weyland.jpg&#8220; custom_margin=&#8220;||||false|false&#8220; custom_padding=&#8220;100px||100px||true|false&#8220; custom_padding_tablet=&#8220;100px||100px||true|false&#8220; custom_padding_phone=&#8220;100px||100px||true|false&#8220; global_colors_info=&#8220;{}&#8220;][et_pb_row _builder_version=&#8220;4.19.0&#8243; _module_preset=&#8220;default&#8220; global_colors_info=&#8220;{}&#8220;][et_pb_column type=&#8220;4_4&#8243; _builder_version=&#8220;4.19.0&#8243; _module_preset=&#8220;default&#8220; global_colors_info=&#8220;{}&#8220;][et_pb_text _builder_version=&#8220;4.21.0&#8243; _module_preset=&#8220;default&#8220; text_font=&#8220;Jost|700|||||||&#8220; text_text_color=&#8220;#FFFFFF&#8220; text_font_size=&#8220;100px&#8220; header_font=&#8220;Jost|800|||||||&#8220; header_text_color=&#8220;#FFFFFF&#8220; header_font_size=&#8220;80px&#8220; text_font_size_tablet=&#8220;86px&#8220; text_font_size_phone=&#8220;48px&#8220; text_font_size_last_edited=&#8220;on|phone&#8220; header_font_size_tablet=&#8220;80px&#8220; header_font_size_phone=&#8220;50px&#8220; header_font_size_last_edited=&#8220;on|phone&#8220; global_colors_info=&#8220;{}&#8220;]<\/p>\n<h1>K\u00fcchen f\u00fcr den Privatgebrauch<\/h1>\n<p>[\/et_pb_text][\/et_pb_column][\/et_pb_row][\/et_pb_section][et_pb_section fb_built=&#8220;1&#8243; _builder_version=&#8220;4.19.0&#8243; _module_preset=&#8220;default&#8220; custom_padding=&#8220;0px|||||&#8220; global_colors_info=&#8220;{}&#8220;][et_pb_row _builder_version=&#8220;4.19.0&#8243; _module_preset=&#8220;default&#8220; custom_padding=&#8220;63px|||||&#8220; global_colors_info=&#8220;{}&#8220;][et_pb_column type=&#8220;4_4&#8243; _builder_version=&#8220;4.16&#8243; _module_preset=&#8220;default&#8220; global_colors_info=&#8220;{}&#8220;][dsm_animated_gradient_text animated_gradient_text=&#8220;Die Privatk\u00fcche von Weyland&#8220; gradient_one_color=&#8220;#00ABC8&#8243; gradient_two_color=&#8220;#00ABC8&#8243; gradient_three_color=&#8220;#2193b0&#8243; gradient_four_color=&#8220;#ffffff&#8220; _builder_version=&#8220;4.22.1&#8243; _module_preset=&#8220;default&#8220; header_font=&#8220;Jost|800|||||||&#8220; header_text_align=&#8220;center&#8220; header_font_size=&#8220;45px&#8220; header_line_height=&#8220;1.3em&#8220; module_alignment=&#8220;center&#8220; custom_margin=&#8220;||10px||false|false&#8220; custom_margin_tablet=&#8220;0px||30px||false|false&#8220; custom_margin_phone=&#8220;&#8220; custom_margin_last_edited=&#8220;on|tablet&#8220; header_font_size_tablet=&#8220;40px&#8220; header_font_size_phone=&#8220;30px&#8220; header_font_size_last_edited=&#8220;on|tablet&#8220; global_colors_info=&#8220;{}&#8220;][\/dsm_animated_gradient_text][et_pb_text _builder_version=&#8220;4.21.0&#8243; _module_preset=&#8220;default&#8220; text_font=&#8220;Jost||||||||&#8220; text_text_color=&#8220;#333333&#8243; text_font_size=&#8220;20px&#8220; text_orientation=&#8220;center&#8220; global_colors_info=&#8220;{}&#8220;]<\/p>\n<p style=\"text-align: justify;\"><span style=\"font-weight: 400;\">Weyland bietet einen umfassenden Planungs- und Installations- Service f\u00fcr hochwertige Privatk\u00fcchen in Luxemburg. Dank eines erfahrenen Teams und in diesem Bereich qualifizierten Fachleuten gew\u00e4hrleistet das Unternehmen eine anpassbare Umsetzung, die den Erwartungen und Bed\u00fcrfnissen der anspruchsvollsten Kunden gerecht wird.<br \/><\/span><\/p>\n<p style=\"text-align: justify;\"><span style=\"font-weight: 400;\">Die verwendeten Materialien sind von erstklassiger Qualit\u00e4t und das Unternehmen garantiert eine einwandfreie Fertigstellung eines jeden Projekts. Weyland bietet auch einen Kundendienst an, um eine wirksame Betreuung und eine optimale Kundenzufriedenheit zu gew\u00e4hrleisten Z\u00f6gern Sie nicht, sich auf das Fachwissen von Weyland zu verlassen, damit Sie sich einer au\u00dfergew\u00f6hnlichen, ma\u00dfgefertigten und schl\u00fcsselfertigen Privatk\u00fcche erfreuen k\u00f6nnen.<\/span><\/p>\n<p>[\/et_pb_text][\/et_pb_column][\/et_pb_row][\/et_pb_section][et_pb_section fb_built=&#8220;1&#8243; admin_label=&#8220;TBVS &#8211; Light &#8211; Content 5&#8243; module_class=&#8220;tbvs-section-light&#8220; _builder_version=&#8220;4.16&#8243; _module_preset=&#8220;default&#8220; global_colors_info=&#8220;{}&#8220;][et_pb_row column_structure=&#8220;1_2,1_2&#8243; make_equal=&#8220;on&#8220; _builder_version=&#8220;4.21.0&#8243; _module_preset=&#8220;default&#8220; global_colors_info=&#8220;{}&#8220;][et_pb_column type=&#8220;1_2&#8243; _builder_version=&#8220;4.16&#8243; _module_preset=&#8220;default&#8220; custom_padding_tablet=&#8220;||30px||false|false&#8220; custom_padding_phone=&#8220;&#8220; custom_padding_last_edited=&#8220;on|tablet&#8220; global_colors_info=&#8220;{}&#8220;][et_pb_text _builder_version=&#8220;4.21.0&#8243; _module_preset=&#8220;default&#8220; header_2_font=&#8220;Jost|800|||||||&#8220; header_2_text_color=&#8220;#00ABC8&#8243; header_2_font_size=&#8220;38px&#8220; header_2_line_height=&#8220;1.1em&#8220; header_3_font=&#8220;Jost|800|||||||&#8220; header_3_text_color=&#8220;#00ABC8&#8243; header_3_font_size=&#8220;38px&#8220; global_colors_info=&#8220;{}&#8220;]<\/p>\n<h3>Italienisches Design<\/h3>\n<p>[\/et_pb_text][et_pb_text _builder_version=&#8220;4.21.0&#8243; _module_preset=&#8220;default&#8220; text_font=&#8220;Jost||||||||&#8220; text_text_color=&#8220;#333333&#8243; text_font_size=&#8220;17px&#8220; global_colors_info=&#8220;{}&#8220;]<\/p>\n<p style=\"text-align: justify;\"><span style=\"font-weight: 400;\">Wir bei Weyland wissen, wie wichtig eine K\u00fcche im italienischen Stil ist. Unser Team setzt alles daran, f\u00fcr Sie eine sch\u00f6ne und zweckm\u00e4\u00dfige K\u00fcche zu entwerfen, die den Charme und die Eleganz des italienischen Designs ausstrahlt. Dank der M\u00f6glichkeit einer gro\u00dfen Auswahl an Materialien werden unser Fachwissen und unsere Liebe zum Detail daf\u00fcr sorgen, dass Ihre italienische K\u00fcche ebenso einzigartig wie zeitlos ist.   <br \/><\/span><\/p>\n<p style=\"text-align: justify;\"><span style=\"font-weight: 400;\">Von technischen Details bis hin zu modernen Ausstattungen wie energieeffizienten Haushaltsger\u00e4ten und eleganten Arbeitsplatten kann unser talentiertes Team eine einzigartige K\u00fcche mit italienischer Ausstrahlung kreieren. <\/span><\/p>\n<p>[\/et_pb_text][\/et_pb_column][et_pb_column type=&#8220;1_2&#8243; _builder_version=&#8220;4.21.0&#8243; _module_preset=&#8220;default&#8220; custom_css_main_element=&#8220;margin:auto&#8220; global_colors_info=&#8220;{}&#8220;][et_pb_image src=&#8220;https:\/\/raymweyland.lu\/wp-content\/uploads\/2023\/02\/cuisine-privee-1.jpg&#8220; title_text=&#8220;cuisine privee 1&#8243; _builder_version=&#8220;4.21.0&#8243; _module_preset=&#8220;default&#8220; box_shadow_style=&#8220;preset3&#8243; global_colors_info=&#8220;{}&#8220;][\/et_pb_image][\/et_pb_column][\/et_pb_row][\/et_pb_section][et_pb_section fb_built=&#8220;1&#8243; admin_label=&#8220;TBVS &#8211; Light &#8211; Content 6&#8243; module_class=&#8220;tbvs-section-light&#8220; _builder_version=&#8220;4.16&#8243; _module_preset=&#8220;default&#8220; global_colors_info=&#8220;{}&#8220;][et_pb_row column_structure=&#8220;1_2,1_2&#8243; make_equal=&#8220;on&#8220; module_class=&#8220;reverse&#8220; _builder_version=&#8220;4.21.0&#8243; _module_preset=&#8220;default&#8220; global_colors_info=&#8220;{}&#8220;][et_pb_column type=&#8220;1_2&#8243; _builder_version=&#8220;4.21.0&#8243; _module_preset=&#8220;default&#8220; custom_padding_tablet=&#8220;||30px||false|false&#8220; custom_padding_phone=&#8220;&#8220; custom_padding_last_edited=&#8220;on|tablet&#8220; custom_css_main_element=&#8220;margin:auto&#8220; global_colors_info=&#8220;{}&#8220;][et_pb_image src=&#8220;https:\/\/raymweyland.lu\/wp-content\/uploads\/2023\/02\/cuisine-privee-2.jpg&#8220; title_text=&#8220;cuisine privee 2&#8243; _builder_version=&#8220;4.21.0&#8243; _module_preset=&#8220;default&#8220; custom_margin_tablet=&#8220;&#8220; custom_margin_phone=&#8220;15px||||false|false&#8220; custom_margin_last_edited=&#8220;on|phone&#8220; box_shadow_style=&#8220;preset3&#8243; global_colors_info=&#8220;{}&#8220;][\/et_pb_image][\/et_pb_column][et_pb_column type=&#8220;1_2&#8243; _builder_version=&#8220;4.21.0&#8243; _module_preset=&#8220;default&#8220; custom_css_main_element=&#8220;margin:auto&#8220; global_colors_info=&#8220;{}&#8220;][et_pb_text _builder_version=&#8220;4.21.0&#8243; _module_preset=&#8220;default&#8220; header_2_font=&#8220;Jost|800|||||||&#8220; header_2_text_color=&#8220;#003152&#8243; header_2_font_size=&#8220;38px&#8220; header_2_line_height=&#8220;1.1em&#8220; header_3_font=&#8220;Jost|800|||||||&#8220; header_3_text_color=&#8220;#00ABC8&#8243; header_3_font_size=&#8220;38px&#8220; global_colors_info=&#8220;{}&#8220;]<\/p>\n<h3>Die Magie des Edelstahls<\/h3>\n<p>[\/et_pb_text][et_pb_text _builder_version=&#8220;4.21.0&#8243; _module_preset=&#8220;default&#8220; text_font=&#8220;Jost||||||||&#8220; text_text_color=&#8220;#333333&#8243; text_font_size=&#8220;17px&#8220; global_colors_info=&#8220;{}&#8220;]<\/p>\n<p style=\"text-align: justify;\"><span style=\"font-weight: 400;\">Edelstahl ist aufgrund seiner vielen Vorteile ein beliebtes Material f\u00fcr K\u00fccheneinrichtungen. <\/span><span style=\"font-weight: 400;\">Edelstahl ist aufgrund seiner vielen Vorteile ein beliebtes Material f\u00fcr K\u00fccheneinrichtungen. Zun\u00e4chst einmal ist es sehr langlebig und korrosionsbest\u00e4ndig, was es zu einer idealen Option f\u00fcr den t\u00e4glichen Gebrauch in der K\u00fcche macht. Ger\u00e4te aus Edelstahl sind au\u00dferdem hitzebest\u00e4ndig, kratzfest und fleckenresistent, was sie zu einer bevorzugten Auswahl f\u00fcr leidenschaftliche K\u00f6che macht. Dar\u00fcber hinaus ist Edelstahl sehr leicht zu reinigen und zu pflegen.  <\/span><\/p>\n<p style=\"text-align: justify;\"><span style=\"font-weight: 400;\"> Schlussendlich sieht Edelstahl auch gut aus und verleiht Ihrer K\u00fcche einen modernen und eleganten Touch. Er ist in verschiedenen Ausf\u00fchrungen erh\u00e4ltlich, darunter geb\u00fcrstet, poliert oder satiniert, sodass Sie das Erscheinungsbild Ihrer K\u00fcche ganz nach Ihrem pers\u00f6nlichen Geschmack gestalten k\u00f6nnen. Kurz gesagt: Wenn Sie auf der Suche nach langlebigen, hygienischen und \u00e4sthetischen K\u00fcchenger\u00e4ten sind, bleibt Edelstahl eine ausgezeichnete Option f\u00fcr Ihre Privatk\u00fcche.    <\/span><\/p>\n<p>[\/et_pb_text][\/et_pb_column][\/et_pb_row][\/et_pb_section][et_pb_section fb_built=&#8220;1&#8243; _builder_version=&#8220;4.19.5&#8243; _module_preset=&#8220;default&#8220; global_colors_info=&#8220;{}&#8220;][et_pb_row column_structure=&#8220;1_2,1_2&#8243; _builder_version=&#8220;4.16&#8243; _module_preset=&#8220;default&#8220; global_colors_info=&#8220;{}&#8220;][et_pb_column type=&#8220;1_2&#8243; _builder_version=&#8220;4.16&#8243; _module_preset=&#8220;default&#8220; custom_padding_tablet=&#8220;||30px||false|false&#8220; custom_padding_phone=&#8220;&#8220; custom_padding_last_edited=&#8220;on|tablet&#8220; global_colors_info=&#8220;{}&#8220;][et_pb_text _builder_version=&#8220;4.21.0&#8243; _module_preset=&#8220;default&#8220; header_2_font=&#8220;Jost|800|||||||&#8220; header_2_text_color=&#8220;#003152&#8243; header_2_font_size=&#8220;38px&#8220; header_2_line_height=&#8220;1.1em&#8220; header_3_font=&#8220;Jost|800|||||||&#8220; header_3_text_color=&#8220;#00ABC8&#8243; header_3_font_size=&#8220;38px&#8220; global_colors_info=&#8220;{}&#8220;]<\/p>\n<h3>Au\u00dfenk\u00fcchen<\/h3>\n<p>[\/et_pb_text][et_pb_text _builder_version=&#8220;4.21.0&#8243; _module_preset=&#8220;default&#8220; text_font=&#8220;Jost||||||||&#8220; text_text_color=&#8220;#333333&#8243; text_font_size=&#8220;17px&#8220; global_colors_info=&#8220;{}&#8220;]<\/p>\n<p style=\"text-align: justify;\"><span style=\"font-weight: 400;\">Die K\u00fcche als Herzelement einer Wohnung kann auch nach drau\u00dfen verlegt werden.<\/span><\/p>\n<p style=\"text-align: justify;\"><span style=\"font-weight: 400;\">Unsere hochwertigen Au\u00dfenk\u00fcchen bieten ein einzigartiges, kulinarisches Erlebnis mit Materialien und Ger\u00e4ten von h\u00f6chster Qualit\u00e4t, die direkt von Weyland ausgew\u00e4hlt werden. Mit ihrem klaren Design und ihren modernen Eigenschaften sind diese Au\u00dfenk\u00fcchen eine elegante M\u00f6glichkeit, kompromisslos im Freien speisen zu k\u00f6nnen.<\/span><\/p>\n<p>[\/et_pb_text][\/et_pb_column][et_pb_column type=&#8220;1_2&#8243; _builder_version=&#8220;4.16&#8243; _module_preset=&#8220;default&#8220; global_colors_info=&#8220;{}&#8220;][et_pb_image src=&#8220;https:\/\/raymweyland.lu\/wp-content\/uploads\/2023\/03\/weyland-cuisine-exterieure.jpg&#8220; title_text=&#8220;weyland cuisine ext\u00e9rieure&#8220; _builder_version=&#8220;4.19.5&#8243; _module_preset=&#8220;default&#8220; box_shadow_style=&#8220;preset3&#8243; global_colors_info=&#8220;{}&#8220;][\/et_pb_image][\/et_pb_column][\/et_pb_row][\/et_pb_section][et_pb_section fb_built=&#8220;1&#8243; _builder_version=&#8220;4.19.5&#8243; _module_preset=&#8220;default&#8220; global_colors_info=&#8220;{}&#8220;][et_pb_row _builder_version=&#8220;4.19.5&#8243; _module_preset=&#8220;default&#8220; global_colors_info=&#8220;{}&#8220;][et_pb_column type=&#8220;4_4&#8243; _builder_version=&#8220;4.19.5&#8243; _module_preset=&#8220;default&#8220; global_colors_info=&#8220;{}&#8220;][dsm_image_carousel gallery_ids=&#8220;242754,242778,242772,242776,242808,242774,242770&#8243; arrow_color=&#8220;#03abc8&#8243; _builder_version=&#8220;4.21.0&#8243; _module_preset=&#8220;default&#8220; global_colors_info=&#8220;{}&#8220;][\/dsm_image_carousel][\/et_pb_column][\/et_pb_row][\/et_pb_section][et_pb_section fb_built=&#8220;1&#8243; _builder_version=&#8220;4.22.1&#8243; _module_preset=&#8220;default&#8220; background_color=&#8220;#FFFFFF&#8220; custom_padding=&#8220;90px||100px||false|false&#8220; global_colors_info=&#8220;{}&#8220;][et_pb_row use_custom_gutter=&#8220;on&#8220; gutter_width=&#8220;2&#8243; make_equal=&#8220;on&#8220; _builder_version=&#8220;4.19.4&#8243; _module_preset=&#8220;default&#8220; width=&#8220;90%&#8220; width_tablet=&#8220;90%&#8220; width_phone=&#8220;90%&#8220; width_last_edited=&#8220;on|tablet&#8220; max_width_tablet=&#8220;90%&#8220; max_width_phone=&#8220;90%&#8220; max_width_last_edited=&#8220;off|desktop&#8220; custom_padding=&#8220;0px||0px||true|&#8220; animation_direction=&#8220;left&#8220; global_colors_info=&#8220;{}&#8220;][et_pb_column type=&#8220;4_4&#8243; _builder_version=&#8220;4.16&#8243; _module_preset=&#8220;default&#8220; global_colors_info=&#8220;{}&#8220;][et_pb_text _builder_version=&#8220;4.22.1&#8243; _module_preset=&#8220;default&#8220; header_4_font=&#8220;Jost|700||on|||||&#8220; header_4_text_align=&#8220;left&#8220; header_4_text_color=&#8220;#0A3050&#8243; header_4_font_size=&#8220;60px&#8220; header_4_letter_spacing=&#8220;-1px&#8220; header_4_font_size_tablet=&#8220;&#8220; header_4_font_size_phone=&#8220;40px&#8220; header_4_font_size_last_edited=&#8220;on|phone&#8220; global_colors_info=&#8220;{}&#8220;]<\/p>\n<h4><span>F\u00dcR DIE WARTUNG IHRER ANLAGEN.<\/span><\/h4>\n<p>[\/et_pb_text][et_pb_text _builder_version=&#8220;4.22.1&#8243; _module_preset=&#8220;default&#8220; text_font=&#8220;Jost||||||||&#8220; text_text_color=&#8220;#00ABC8&#8243; text_font_size=&#8220;20px&#8220; text_line_height=&#8220;1.8em&#8220; max_width=&#8220;465px&#8220; module_alignment=&#8220;left&#8220; custom_margin=&#8220;-6px||||false|false&#8220; global_colors_info=&#8220;{}&#8220;]<\/p>\n<p><span>Nehmen Sie gerne Kontakt mit uns auf !<\/span><\/p>\n<p>[\/et_pb_text][et_pb_blurb title=&#8220;entretien@raymweyland.lu&#8220; use_icon=&#8220;on&#8220; font_icon=&#8220;&#xf1d8;||fa||400&#8243; icon_color=&#8220;#00ABC8&#8243; icon_placement=&#8220;left&#8220; image_icon_width=&#8220;40px&#8220; content_max_width=&#8220;100%&#8220; _builder_version=&#8220;4.22.1&#8243; _module_preset=&#8220;default&#8220; header_font=&#8220;Jost||||||||&#8220; header_text_align=&#8220;left&#8220; header_text_color=&#8220;#0A3050&#8243; header_font_size=&#8220;23px&#8220; header_line_height=&#8220;1.7em&#8220; background_color=&#8220;rgba(0,0,0,0)&#8220; transform_translate_linked__hover=&#8220;off&#8220; max_width=&#8220;34%&#8220; module_alignment=&#8220;left&#8220; custom_margin=&#8220;45px|10px|||false|false&#8220; custom_padding=&#8220;11px||2px|8px|false|false&#8220; animation=&#8220;off&#8220; link_option_url=&#8220;mailto:entretien@raymweyland.lu&#8220; border_radii=&#8220;on|100px|100px|100px|100px&#8220; border_width_all=&#8220;2px&#8220; border_color_all=&#8220;#0A3050&#8243; box_shadow_style=&#8220;preset3&#8243; box_shadow_vertical=&#8220;33px&#8220; box_shadow_blur=&#8220;59px&#8220; box_shadow_color=&#8220;rgba(0,0,0,0)&#8220; image_max_width=&#8220;40px&#8220; global_colors_info=&#8220;{}&#8220; header_text_color__hover_enabled=&#8220;off|desktop&#8220; header_text_color__hover=&#8220;#ffffff&#8220; border_color_all__hover_enabled=&#8220;off|desktop&#8220; border_color_all__hover=&#8220;#ffffff&#8220; background__hover_enabled=&#8220;off|desktop&#8220; box_shadow_color__hover_enabled=&#8220;on|desktop&#8220; box_shadow_color__hover=&#8220;rgba(255,255,255,0.38)&#8220; transform_styles__hover_enabled=&#8220;on|desktop&#8220; transform_scale__hover_enabled=&#8220;on|desktop&#8220; transform_translate__hover_enabled=&#8220;on|desktop&#8220; transform_rotate__hover_enabled=&#8220;on|desktop&#8220; transform_skew__hover_enabled=&#8220;on|desktop&#8220; transform_origin__hover_enabled=&#8220;on|desktop&#8220; transform_translate__hover=&#8220;0px|-5px&#8220;][\/et_pb_blurb][\/et_pb_column][\/et_pb_row][\/et_pb_section][et_pb_section fb_built=&#8220;1&#8243; admin_label=&#8220;TBVS &#8211; Light &#8211; Content 2&#8243; module_class=&#8220;tbvs-section-light&#8220; _builder_version=&#8220;4.16&#8243; _module_preset=&#8220;default&#8220; global_module=&#8220;242859&#8243; global_colors_info=&#8220;{}&#8220;][et_pb_row module_class=&#8220;tbvs-inline-button-center&#8220; _builder_version=&#8220;4.19.0&#8243; _module_preset=&#8220;default&#8220; global_colors_info=&#8220;{}&#8220;][et_pb_column type=&#8220;4_4&#8243; _builder_version=&#8220;4.16&#8243; _module_preset=&#8220;default&#8220; global_colors_info=&#8220;{}&#8220;][et_pb_text _builder_version=&#8220;4.21.0&#8243; _module_preset=&#8220;default&#8220; header_2_font=&#8220;Montserrat|800|||||||&#8220; header_2_text_color=&#8220;#0A3050&#8243; header_2_font_size=&#8220;38px&#8220; header_2_line_height=&#8220;1.1em&#8220; text_orientation=&#8220;center&#8220; global_colors_info=&#8220;{}&#8220;]<\/p>\n<h2>Der Service by Weyland<\/h2>\n<p>[\/et_pb_text][et_pb_text _builder_version=&#8220;4.21.0&#8243; _module_preset=&#8220;default&#8220; text_font=&#8220;Jost||||||||&#8220; text_text_color=&#8220;#333333&#8243; text_font_size=&#8220;17px&#8220; text_orientation=&#8220;center&#8220; global_colors_info=&#8220;{}&#8220;]<\/p>\n<p style=\"text-align: justify;\"><span style=\"font-weight: 400;\">Wir bieten unseren Kunden einen Service zur Wartung und Fehlerbehebung von Ger\u00e4ten an. Unser Team besteht aus qualifizierten und spezialisierten Technikern, die daf\u00fcr sorgen, dass Ihr System unter allen Umst\u00e4nden optimal funktioniert. Ma\u00dfgeschneiderte Wartungsprogramme werden entwickelt, um Ihren individuellen Bed\u00fcrfnissen gerecht zu werden und Ausfallzeiten zu minimieren. Mit unserem Fachwissen und unserem Engagement f\u00fcr eine hervorragende Kundenbetreuung k\u00f6nnen Sie sicher sein, dass Ihre Ger\u00e4te gewartet werden und problemlos funktionieren, wenn Sie sie ben\u00f6tigen.   <\/span><\/p>\n<p>[\/et_pb_text][\/et_pb_column][\/et_pb_row][et_pb_row column_structure=&#8220;1_3,1_3,1_3&#8243; _builder_version=&#8220;4.19.0&#8243; _module_preset=&#8220;default&#8220; global_colors_info=&#8220;{}&#8220;][et_pb_column type=&#8220;1_3&#8243; _builder_version=&#8220;4.19.0&#8243; _module_preset=&#8220;default&#8220; global_colors_info=&#8220;{}&#8220;][et_pb_image src=&#8220;https:\/\/raymweyland.lu\/wp-content\/uploads\/2023\/02\/operateur.png&#8220; title_text=&#8220;operateur&#8220; align=&#8220;center&#8220; _builder_version=&#8220;4.19.0&#8243; _module_preset=&#8220;default&#8220; global_colors_info=&#8220;{}&#8220;][\/et_pb_image][et_pb_text _builder_version=&#8220;4.21.0&#8243; _module_preset=&#8220;default&#8220; text_font=&#8220;Jost||||||||&#8220; text_font_size=&#8220;17px&#8220; global_colors_info=&#8220;{}&#8220;]<\/p>\n<p style=\"text-align: center;\">Fehlerbehebung 7\/7 und 24\/24<\/p>\n<p>[\/et_pb_text][\/et_pb_column][et_pb_column type=&#8220;1_3&#8243; _builder_version=&#8220;4.19.0&#8243; _module_preset=&#8220;default&#8220; global_colors_info=&#8220;{}&#8220;][et_pb_image src=&#8220;https:\/\/raymweyland.lu\/wp-content\/uploads\/2023\/02\/outil-de-reparation.png&#8220; title_text=&#8220;outil-de-reparation&#8220; align=&#8220;center&#8220; _builder_version=&#8220;4.19.0&#8243; _module_preset=&#8220;default&#8220; global_colors_info=&#8220;{}&#8220;][\/et_pb_image][et_pb_text _builder_version=&#8220;4.19.0&#8243; _module_preset=&#8220;default&#8220; text_font=&#8220;Jost||||||||&#8220; text_font_size=&#8220;17px&#8220; global_colors_info=&#8220;{}&#8220;]<\/p>\n<p style=\"text-align: center;\">Wartung<\/p>\n<p>[\/et_pb_text][\/et_pb_column][et_pb_column type=&#8220;1_3&#8243; _builder_version=&#8220;4.19.0&#8243; _module_preset=&#8220;default&#8220; global_colors_info=&#8220;{}&#8220;][et_pb_image src=&#8220;https:\/\/raymweyland.lu\/wp-content\/uploads\/2023\/02\/entretien.png&#8220; title_text=&#8220;Wartung&#8220; align=&#8220;center&#8220; _builder_version=&#8220;4.19.0&#8243; _module_preset=&#8220;default&#8220; global_colors_info=&#8220;{}&#8220;][\/et_pb_image][et_pb_text _builder_version=&#8220;4.19.0&#8243; _module_preset=&#8220;default&#8220; text_font=&#8220;Jost||||||||&#8220; text_font_size=&#8220;17px&#8220; global_colors_info=&#8220;{}&#8220;]<\/p>\n<p style=\"text-align: center;\">Ersatzteile und Reparaturen<\/p>\n<p>[\/et_pb_text][\/et_pb_column][\/et_pb_row][\/et_pb_section][et_pb_section fb_built=&#8220;1&#8243; _builder_version=&#8220;4.27.4&#8243; _module_preset=&#8220;default&#8220; background_color=&#8220;#782761&#8243; custom_padding=&#8220;90px||100px||false|false&#8220; global_colors_info=&#8220;{}&#8220; global_module=&#8220;243492&#8243; theme_builder_area=&#8220;post_content&#8220;][et_pb_row column_structure=&#8220;1_2,1_2&#8243; use_custom_gutter=&#8220;on&#8220; gutter_width=&#8220;2&#8243; make_equal=&#8220;on&#8220; custom_padding_last_edited=&#8220;on|desktop&#8220; module_class=&#8220;reverse&#8220; _builder_version=&#8220;4.27.4&#8243; _module_preset=&#8220;default&#8220; background_color=&#8220;#FFFFFF&#8220; width=&#8220;90%&#8220; width_tablet=&#8220;90%&#8220; width_phone=&#8220;90%&#8220; width_last_edited=&#8220;on|tablet&#8220; max_width_tablet=&#8220;90%&#8220; max_width_phone=&#8220;90%&#8220; max_width_last_edited=&#8220;off|desktop&#8220; custom_padding=&#8220;30px|40px|30px|40px|true|true&#8220; custom_padding_tablet=&#8220;40px|30px|40px|30px|true|true&#8220; custom_padding_phone=&#8220;25px|20px|25px|20px|true|true&#8220; animation_direction=&#8220;left&#8220; global_colors_info=&#8220;{}&#8220; theme_builder_area=&#8220;post_content&#8220;][et_pb_column type=&#8220;1_2&#8243; _builder_version=&#8220;4.27.4&#8243; _module_preset=&#8220;default&#8220; custom_css_main_element=&#8220;margin: auto;&#8220; global_colors_info=&#8220;{}&#8220; theme_builder_area=&#8220;post_content&#8220;][et_pb_text _builder_version=&#8220;4.27.4&#8243; _module_preset=&#8220;default&#8220; header_4_font=&#8220;Jost|700||on|||||&#8220; header_4_text_align=&#8220;left&#8220; header_4_text_color=&#8220;#0A3050&#8243; header_4_font_size=&#8220;60px&#8220; header_4_letter_spacing=&#8220;-1px&#8220; custom_margin_tablet=&#8220;30px||||false|false&#8220; custom_margin_phone=&#8220;&#8220; custom_margin_last_edited=&#8220;on|phone&#8220; header_4_font_size_tablet=&#8220;&#8220; header_4_font_size_phone=&#8220;40px&#8220; header_4_font_size_last_edited=&#8220;on|phone&#8220; global_colors_info=&#8220;{}&#8220; theme_builder_area=&#8220;post_content&#8220;]<\/p>\n<h4>Kochen wie die Profis<\/h4>\n<p>[\/et_pb_text][et_pb_text _builder_version=&#8220;4.27.4&#8243; _module_preset=&#8220;default&#8220; text_font=&#8220;Jost||||||||&#8220; text_text_color=&#8220;#000000&#8243; text_font_size=&#8220;20px&#8220; text_line_height=&#8220;1.8em&#8220; max_width=&#8220;465px&#8220; module_alignment=&#8220;left&#8220; custom_margin=&#8220;-6px||||false|false&#8220; global_colors_info=&#8220;{}&#8220; theme_builder_area=&#8220;post_content&#8220;]<\/p>\n<p>Zwischen der Kreativit\u00e4t des Hobbykochs und der Pr\u00e4zision des Profis liegt nur ein Schritt: das richtige Werkzeug. Entdecken Sie hier die von Experten empfohlenen K\u00fcchenhelfer, jetzt auch f\u00fcr Sie erh\u00e4ltlich. <\/p>\n<p>[\/et_pb_text][et_pb_button button_url=&#8220;https:\/\/artdelatable.lu\/de\/&#8220; url_new_window=&#8220;on&#8220; button_text=&#8220;Jetzt ausstatten&#8220; button_alignment=&#8220;left&#8220; _builder_version=&#8220;4.27.4&#8243; custom_button=&#8220;on&#8220; button_text_size=&#8220;14px&#8220; button_text_color=&#8220;#FFFFFF&#8220; button_bg_color=&#8220;#782761&#8243; button_border_width=&#8220;1px&#8220; button_border_color=&#8220;#383838&#8243; button_border_radius=&#8220;0px&#8220; button_letter_spacing=&#8220;1px&#8220; button_font=&#8220;Poppins|||on|||||&#8220; button_use_icon=&#8220;off&#8220; custom_margin=&#8220;37px||&#8220; custom_padding=&#8220;17px|30px|17px|30px|true|true&#8220; hover_enabled=&#8220;0&#8243; global_colors_info=&#8220;{}&#8220; button_bg_color__hover_enabled=&#8220;on|hover&#8220; button_bg_color__hover=&#8220;#00ABC8&#8243; button_letter_spacing__hover_enabled=&#8220;on&#8220; button_letter_spacing__hover=&#8220;2px&#8220; button_border_color__hover_enabled=&#8220;on&#8220; button_border_color__hover=&#8220;#bfbfbf&#8220; button_text_color__hover_enabled=&#8220;on|hover&#8220; button_text_color__hover=&#8220;#FFFFFF&#8220; button_bg_enable_color__hover=&#8220;on&#8220; theme_builder_area=&#8220;post_content&#8220; sticky_enabled=&#8220;0&#8243;][\/et_pb_button][\/et_pb_column][et_pb_column type=&#8220;1_2&#8243; _builder_version=&#8220;4.27.4&#8243; _module_preset=&#8220;default&#8220; custom_css_main_element=&#8220;margin: auto;&#8220; global_colors_info=&#8220;{}&#8220; theme_builder_area=&#8220;post_content&#8220;][et_pb_image src=&#8220;https:\/\/raymweyland.lu\/wp-content\/uploads\/2023\/03\/cropped-Art-de-la-Table-Logo-PNG-e1530776689897-9.png&#8220; title_text=&#8220;cropped-Art-de-la-Table-Logo-PNG-e1530776689897-9&#8243; _builder_version=&#8220;4.27.4&#8243; _module_preset=&#8220;default&#8220; global_colors_info=&#8220;{}&#8220; theme_builder_area=&#8220;post_content&#8220;][\/et_pb_image][et_pb_image src=&#8220;https:\/\/raymweyland.lu\/wp-content\/uploads\/2025\/06\/art-de-la-table-image-cta.jpg&#8220; title_text=&#8220;art-de-la-table-image-cta&#8220; _builder_version=&#8220;4.27.4&#8243; _module_preset=&#8220;default&#8220; global_colors_info=&#8220;{}&#8220; theme_builder_area=&#8220;post_content&#8220;][\/et_pb_image][\/et_pb_column][\/et_pb_row][\/et_pb_section]<\/p>\n","protected":false},"excerpt":{"rendered":"<p>K\u00fcchen f\u00fcr den Privatgebrauch<div class=\"et_pb_module dsm_animated_gradient_text dsm_animated_gradient_text_0\">\n\t\t\t\t\n\t\t\t\t\n\t\t\t\t\n\t\t\t\t\n\t\t\t\t\n\t\t\t\t\n\t\t\t\t<div class=\"et_pb_module_inner\">\n\t\t\t\t\t<h2 class=\"dsm-animated-gradient-text et_pb_module_header\">Die Privatk\u00fcche von Weyland<\/h2>\n\t\t\t\t<\/div>\n\t\t\t<\/div>Weyland bietet einen umfassenden Planungs- und Installations- Service f\u00fcr hochwertige Privatk\u00fcchen in Luxemburg. Dank eines erfahrenen Teams und in diesem Bereich qualifizierten Fachleuten gew\u00e4hrleistet das Unternehmen eine anpassbare Umsetzung, die den Erwartungen und Bed\u00fcrfnissen der anspruchsvollsten Kunden gerecht wird. Die verwendeten Materialien sind von erstklassiger Qualit\u00e4t und das Unternehmen garantiert eine einwandfreie Fertigstellung eines jeden Projekts. Weyland bietet auch einen Kundendienst an, um eine wirksame Betreuung und eine optimale Kundenzufriedenheit zu gew\u00e4hrleisten Z\u00f6gern Sie nicht, sich auf das Fachwissen von Weyland zu verlassen, damit Sie sich einer au\u00dfergew\u00f6hnlichen, ma\u00dfgefertigten und schl\u00fcsselfertigen Privatk\u00fcche erfreuen k\u00f6nnen.Italienisches DesignWir bei Weyland wissen, wie wichtig eine K\u00fcche im italienischen Stil ist. Unser Team setzt alles daran, f\u00fcr Sie eine sch\u00f6ne und zweckm\u00e4\u00dfige K\u00fcche zu entwerfen, die den Charme und die Eleganz des italienischen Designs ausstrahlt. Dank der M\u00f6glichkeit einer gro\u00dfen Auswahl an Materialien werden unser Fachwissen und unsere Liebe zum Detail daf\u00fcr sorgen, dass Ihre italienische K\u00fcche ebenso einzigartig wie zeitlos ist. Von technischen Details bis hin zu modernen Ausstattungen wie energieeffizienten Haushaltsger\u00e4ten und eleganten Arbeitsplatten kann unser talentiertes [&hellip;]<\/p>\n","protected":false},"author":2,"featured_media":0,"parent":0,"menu_order":0,"comment_status":"closed","ping_status":"closed","template":"","meta":{"_et_pb_use_builder":"on","_et_pb_old_content":"","_et_gb_content_width":"","wp_popup_display_lightbox":0,"wp_popup_suppress":"","wp_popup_trigger":"","wp_popup_trigger_amount":0,"wp_popup_disable_on_mobile":false,"footnotes":""},"class_list":["post-242935","page","type-page","status-publish","hentry"],"_links":{"self":[{"href":"https:\/\/raymweyland.lu\/de\/wp-json\/wp\/v2\/pages\/242935","targetHints":{"allow":["GET"]}}],"collection":[{"href":"https:\/\/raymweyland.lu\/de\/wp-json\/wp\/v2\/pages"}],"about":[{"href":"https:\/\/raymweyland.lu\/de\/wp-json\/wp\/v2\/types\/page"}],"author":[{"embeddable":true,"href":"https:\/\/raymweyland.lu\/de\/wp-json\/wp\/v2\/users\/2"}],"replies":[{"embeddable":true,"href":"https:\/\/raymweyland.lu\/de\/wp-json\/wp\/v2\/comments?post=242935"}],"version-history":[{"count":1,"href":"https:\/\/raymweyland.lu\/de\/wp-json\/wp\/v2\/pages\/242935\/revisions"}],"predecessor-version":[{"id":243510,"href":"https:\/\/raymweyland.lu\/de\/wp-json\/wp\/v2\/pages\/242935\/revisions\/243510"}],"wp:attachment":[{"href":"https:\/\/raymweyland.lu\/de\/wp-json\/wp\/v2\/media?parent=242935"}],"curies":[{"name":"wp","href":"https:\/\/api.w.org\/{rel}","templated":true}]}}